{"id":1114,"date":"2022-07-24T06:29:00","date_gmt":"2022-07-24T06:29:00","guid":{"rendered":"https:\/\/scripor.com\/?post_type=inmedia&#038;p=1114"},"modified":"2022-07-25T06:32:47","modified_gmt":"2022-07-25T06:32:47","slug":"inventia-unui-clujean-a-cucerit-o-lume-intreaga","status":"publish","type":"inmedia","link":"https:\/\/scripor.com\/ro\/inmedia\/inventia-unui-clujean-a-cucerit-o-lume-intreaga\/","title":{"rendered":"Inven\u021bia unui clujean a cucerit o lume \u00eentreag\u0103"},"content":{"rendered":"\n<h3 class=\"wp-block-heading\">Alfabetul tactil al culorilor, extensia alfabetului Braille care elimin\u0103 barierele cromatice dintre nev\u0103z\u0103tori \u0219i lumea normal\u0103<\/h3>\n\n\n\n<h4 class=\"wp-block-heading\">Unul dintre primele lucruri pe care copilul le \u00eenva\u021b\u0103 despre lumea exterioar\u0103 este cel legat de conceptul de culoare. Este un concept accesibil \u00eenc\u0103 de la v\u00e2rste fragede \u0219i un prim mod de structurare a mediului apropiat. Culoarea a devenit, \u00een timp, un mijloc facil de transmitere a unor informa\u021bii, construindu-se, din punct de vedere cultural, o \u00eentreag\u0103 simbolistic\u0103 \u00een jurul culorilor. Exist\u0103 domenii ale vie\u021bii cotidiene unde putem vorbi de o utilizare conven\u021bional\u0103 standardizat\u0103 \u0219i universal\u0103, cu larg\u0103 r\u0103sp\u00e2ndire a culorilor, mai ales \u00een ceea ce prive\u0219te semnele de circula\u021bie, semnalarea unor situa\u021bii periculoase, marcarea unor branduri, logo-uri, etc. O lume \u00een care informa\u021bia vine la oameni prin intermediul acestora. Nu \u00eens\u0103 \u0219i pentru persoanele cu dizabilit\u0103\u021bi vizuale.<\/h4>\n\n\n\n<p>Alfabetul tactil al culorilor \u2013 cunoscut sub numele de alfabetul Scripor, a fost numit dup\u0103 creatorul acestuia, Tudor Paul Scripor \u2013 este un concept bazat pe completarea alfabetului Braille \u0219i este folosit doar pentru culori. Aceast\u0103 standardizare cromatic\u0103 inovatoare, u\u0219or de \u00eenv\u0103\u021bat \u0219i universal\u0103 permite persoanelor cu dizabilit\u0103\u021bi vizuale (cecitate, ambliopie, acromatopsie\/daltonism) s\u0103 identifice, s\u0103 scrie, s\u0103 citeasc\u0103, s\u0103 recunoasc\u0103 \u0219i s\u0103 diferen\u021bieze \u00een mod tactil, culorile. Este, deci, un instrument special conceput pentru a veni \u00een \u00eent\u00e2mpinarea nevoilor persoanelor cu dizabilit\u0103\u021bi vizuale, oferindu-le egalitate \u00een \u0219anse. Accesibilizarea mediului social prin intermediul alfabetului Scripor, creeaz\u0103 persoanelor cu dizabilit\u0103\u021bi vizuale posibilitatea de a tr\u0103i complet \u0219i inclusiv \u00eentr-o lume \u00een care utilizarea culorilor \u00een diferite domenii are o larg\u0103 r\u0103sp\u00e2ndire.<\/p>\n\n\n\n<p>Cuv\u00e2ntul \u2013 \u201eculoare\u201d \u2013 indiferent de limb\u0103, dialect, cultur\u0103, zon\u0103 geografic\u0103 \u2013 a fost redus, deci, la un simbol, unic, simplu \u0219i universal. Culoarea este reprezentat\u0103 printr-o combina\u021bie de puncte, acestea fiind pozi\u021bionate \u00eentr-o celul\u0103 asem\u0103n\u0103toare alfabetului Braille. \u2013 Anca Corche\u0219, profesor psihopedagog la Liceul Special pentru Deficien\u0163i de Vedere din Cluj-Napoca<\/p>\n\n\n\n<p>Folosind celula Scripor pentru reprezentarea culorilor, nev\u0103z\u0103torii \u0219i daltoni\u0219tii pot distinge cu u\u0219urin\u021b\u0103 acum culorile, nuan\u021bele, chiar \u0219i intensitatea acestora, \u00eembun\u0103t\u0103\u021bindu-\u0219i via\u021ba de zi cu zi. Utiliz\u00e2nd etichetele tactile ale culorilor, atle\u021bii nev\u0103z\u0103tori \u00ee\u021bi aleg singuri centurile de arte mar\u021biale \u0219i pot recunoa\u0219te steagurile \u0219i medaliile. Nev\u0103z\u0103torii sau persoanele cu dizabilit\u0103\u021bi de vedere vor putea s\u0103 aleag\u0103 alimentele s\u0103n\u0103toase\/eco pentru ei \u2013 de ex. Nutri-Score este un cod bazat exclusiv pe culori -, s\u0103-\u0219i cumpere produsele preferate doar pe baza culorii, s\u0103-\u0219i achizi\u021bioneze \u00eembr\u0103c\u0103minte \u0219i produse cosmetice, jocuri de societate, juc\u0103rii, devenind astfel mai independen\u021bi \u0219i mai \u00eencrez\u0103tori.De asemenea, alfabetul tactil al culorilor ofer\u0103 noi oportunit\u0103\u021bi \u00een creearea de noi locuri de munc\u0103 care implic\u0103 sortarea bazat\u0103 pe culori, educa\u021bie incluziv\u0103, tehnologii asistive, divertisment \u0219i multe altele, oferind astfel incluziunea profesional\u0103.<\/p>\n\n\n\n<figure class=\"wp-block-image alignleft size-full\"><img fetchpriority=\"high\" decoding=\"async\" width=\"568\" height=\"743\" src=\"https:\/\/scripor.com\/wp-content\/uploads\/2022\/07\/Rubicks-cube-pentru-pagina-1.jpg\" alt=\"\" class=\"wp-image-1117\" srcset=\"https:\/\/scripor.com\/wp-content\/uploads\/2022\/07\/Rubicks-cube-pentru-pagina-1.jpg 568w, https:\/\/scripor.com\/wp-content\/uploads\/2022\/07\/Rubicks-cube-pentru-pagina-1-229x300.jpg 229w\" sizes=\"(max-width: 568px) 100vw, 568px\" \/><\/figure>\n\n\n\n<p>Inventatorul alfabetului tactil al culorilor, Tudor Paul Scripor, \u0219i una dintre colaboratoarele sale apropiate, arhitecta Sanda Oltean, Inclusiv Design &amp; Accesibility Consultant \u00een cadrul Asocia\u021biei \u0219i fost arhitect-\u0219ej al jude\u021bului Cluj, au vorbit pentru ziarul F\u0103clia despre uimitoarea descoperire \u0219i despre poten\u021bialul uria\u0219 de aplicabilitate pe care aceest alfabet \u00eel are la nivel global \u0219i \u00een aproape orice domeniu de activitate de pe aceast\u0103 planet\u0103.<\/p>\n\n\n\n<p><strong>Reporter: Este Clujul un ora\u0219 prietenos cu persoanele f\u0103r\u0103 vedere?<\/strong><\/p>\n\n\n\n<p><strong>Tudor Paul Scripor:<\/strong>&nbsp;Clujul este \u00een momentul acesta cel mai accesibil ora\u0219 din Rom\u00e2nia din acest punct de vedere, dar nu este \u00een totalitate, dar din pu\u021binul care s-a f\u0103cut \u00een Rom\u00e2nia, Clujul st\u0103 cel mai bine.<\/p>\n\n\n\n<p><strong>\u0218i \u00een compara\u021bie cu spa\u021biul european?<\/strong><\/p>\n\n\n\n<p><strong>Tudor Paul Scripor:<\/strong>&nbsp;Suntem cu zeci de ani \u00een urm\u0103.<\/p>\n\n\n\n<p><strong>Cu ce probleme se confrunt\u0103 aceste persoane mai exact?<\/strong><\/p>\n\n\n\n<p><strong>Sanda Oltean:<\/strong>&nbsp;Legisla\u021bie exist\u0103, avem \u0219i acele rampe la intrarea \u00een institu\u021biile publice, dar exist\u0103 la nivel de normative, \u0219i nu neap\u0103rat fizic.<\/p>\n\n\n\n<p><strong>Tudor Paul Scripor:<\/strong>&nbsp;Legisla\u021bia nu se aplic\u0103, cei care \u00eencalc\u0103 legisla\u021bia nu sunt pedepsi\u021bi.<\/p>\n\n\n\n<p><strong>Sanda Oltean:<\/strong>&nbsp;E ca \u0219i cu ve\u0219nica problem\u0103 a traficului auto. \u00cen momentul \u00een care un ora\u0219 a fost proiectat pentru c\u0103ru\u021be \u0219i faptul c\u0103 avem la un apartament de trei camere patru ma\u0219ini, \u0219i mergem cu to\u021bii \u00een centru cu ma\u0219ina, a\u0219a e \u0219i cu cl\u0103dirile. Ele sunt ni\u0219te cl\u0103diri vechi care nu se preteaz\u0103 neap\u0103rat s\u0103 le po\u021bi schimba. Fie c\u0103, din punctul de vedere al celor de la Monumente Istorice, nu po\u021bi s\u0103 vii cu modific\u0103ri agresive \u0219i s\u0103 vii cu rampa, cu alte cuvinte nu prea mai po\u021bi s\u0103 le adaptezi. Problema ar trebui pus\u0103 la cl\u0103dirile noi<\/p>\n\n\n\n<p><strong>Cum v-a venit ideea acestui alfabet revolu\u021bionar?<\/strong><\/p>\n\n\n\n<p><strong>Tudor Paul Scripor:<\/strong>&nbsp;Alfabetul tactil al culorilor este o completare a alfabetului Braille. Pentru nev\u0103z\u0103tori, acesta reprezint\u0103 cifre \u0219i litere, este folosit pentru a citi \u0219i a scrie. Sunt reprezentate \u0219i notele muzicale, \u0219i semne din matematic\u0103, dar deloc culorile. Ca s\u0103 spui culoare, albastru de exemplu, trebuie scrii acest cuv\u00e2nt liter\u0103 cu liter\u0103. Este irelevant pentru un nev\u0103z\u0103tor din Ungaria, ca s\u0103 v\u0103 dau un exemplu, s\u0103 \u00een\u021beleag\u0103 alfabetul braille \u00een rom\u00e2n\u0103, \u0219i invers. Dar termenul de culoare, pentru c\u0103 culoarea este un termen universal, l-am redus la un singur simbol universal. Este, deci, o combina\u021bie de puncte ca \u00een alfabetul Braille. Acest simbol este u\u0219or de recunoscut at\u00e2t pentru un rom\u00e2n, c\u00e2t \u0219i pentru o persoan\u0103 din afara \u021b\u0103rii.<\/p>\n\n\n\n<p><strong>Sanda Oltean:<\/strong>&nbsp;Acum, \u0219i no\u021biunea de culoare, 80 la sut\u0103 dintre nev\u0103z\u0103tori au no\u021biunea de culoare \u0219i de spa\u021biu dac\u0103 \u0219i-au pierdut vederea pe parcursul vie\u021bii.<\/p>\n\n\n\n<p><strong>Tudor Paul Scripor:<\/strong>&nbsp;Pentru cei care nu au v\u0103zut niciodat\u0103, \u0219i aici vorbim de p\u00e2n\u0103 \u00een 20 la sut\u0103 dintre cei f\u0103r\u0103 vedere, conceptul de culoare nu exist\u0103. Iar acest alfabet este de fapt o standardizare, sau o conven\u021bie, mai bine spus. Pe ei nu-i intereseaz\u0103 s\u0103 \u0219tie, la propriu, cum arat\u0103 ro\u0219ul sau verdele, pe ei \u00eei intereseaz\u0103 s\u0103 \u0219tie dac\u0103 aceast\u0103 c\u0103ma\u0219\u0103, de exemplu, este alb\u0103 sau verde, sau ro\u0219ie. \u0218i acum, datorit\u0103 acestui alfabet, pot s\u0103 fac\u0103 aceast\u0103 diferen\u021b\u0103 \u0219i s\u0103 identifice culoarea.<\/p>\n\n\n\n<p>Totul a pornit \u00een 2012. \u021aineam un workshop de pictur\u0103, de tehnici de pictur\u0103 \u0219i de restaurare, \u0219i la acest workshop mi s-a \u00eenscris un student nev\u0103z\u0103tor. I-am explicat c\u00e2t am putut de bine cum arat\u0103 un tablou, dar i-am explicat din punct de vedere volumetric. Adic\u0103, era \u201dCiob\u0103na\u0219ul cu oi\u201d de Grigorescu, \u0219i i-am reprodus o oaie cu ajutorul vatei, picioarele acesteia cu ni\u0219te be\u021be de chibrituri, dar el mi-a repro\u0219at c\u0103 nu asta trebuia s\u0103-l \u00eenv\u0103\u021b, ci exact culoarea. Nu \u0219tiam \u00een acel moment c\u0103 nu exist\u0103 o conven\u021bie interna\u021bional\u0103 de recunoa\u0219tere a culorilor pentru nev\u0103z\u0103tori. Am r\u0103mas foarte surprins s\u0103 constat c\u0103 nu exist\u0103 a\u0219a ceva, \u0219i din 2012 p\u00e2n\u0103 \u00een 2019 am lucrat la dezvoltarea acestui alfabet.<\/p>\n\n\n\n<p>Mul\u021bi dintre cei care au \u00eencercat s\u0103 realizeze acest alfabet al culorilor \u00eenaintea mea, au ales s\u0103 mearg\u0103 pe o cale gre\u0219it\u0103, din punctul meu de vedere. Au ales s\u0103 mearg\u0103 pe tot felul de texturi, irelevante de altfel pentru un nev\u0103z\u0103tor, sau pe forme geometrice. Nev\u0103z\u0103torii \u00ee\u0219i fac conven\u021bii \u00een s\u00e2nul unei familii, dar acestea sunt valabile strict acolo.<\/p>\n\n\n\n<p>Ei, eu am ales s\u0103 merg spre alfabetizare, spre limbajul pe care ei deja \u00eel folosesc. Am extins celula Braille, de la \u0219ase puncte c\u00e2te are acum, la nou\u0103, plus un punct de orientare. Acest punct de orientare este omniprezent \u00een fiecare celul\u0103 deoarece le arat\u0103 pozi\u021bia. Este, ca s\u0103 v\u0103 imagina\u021bi, ca \u0219i nordul la busol\u0103 sau cifra 12 la ceas.<\/p>\n\n\n\n<p>Am brevetat acest alfabet \u00een decembrie 2018, iar \u00een anul urm\u0103tor am considerat oportun s\u0103-l prezint publicului, deoarece ne oferea o protec\u021bie \u00een acest sens. \u0218i, cel mai bun loc de prezentare a unei inven\u021bii este, clar, Salonul de Inven\u021bii \u0219i de Inova\u021bii de la Geneva. Ne-am \u00eenscris acolo, am fost accepta\u021bi. Am avut o surpriz\u0103 foarte pl\u0103cut\u0103 s\u0103 constat\u0103m c\u0103 acel salon nu era un simplu t\u00e2rg, unde-\u021bi prezin\u021bi inven\u021bia \u0219i at\u00e2t, este o olimpiad\u0103 a inven\u021biilor. Am primit \u201dMarele Premiu al Asocia\u021biei Inventatorilor Germani\u201d, un premiu care se acord\u0103 rar \u0219i care se acord\u0103 doar inven\u021biilor care au impact mare \u00een societate, \u0219i medalia de aur la categoria \u201dArt\u0103-Cultur\u0103-Educa\u021bie\u201d.<\/p>\n\n\n\n<p><strong>Sanda Oltean:<\/strong>&nbsp;\u00cen ce prive\u0219te aplicabilitatea acestei inven\u021bii, odat\u0103, se poate merge pe etichetare de haine, persoanele nev\u0103z\u0103toare caut\u0103 cel mai mult independen\u021ba, \u0219i atunci e foarte u\u0219or s\u0103 identifici pe o etichet\u0103 c\u0103 e o bluz\u0103 neagr\u0103 cu flori ro\u0219ii de exemplu, au, deci, libertatea de a decide ceea ce cump\u0103r\u0103 \u0219i ceea ce s\u0103 poarte.<\/p>\n\n\n\n<p><strong>Tudor Paul Scripor:<\/strong>&nbsp;Avem la asocia\u021bie un domn pasionat de electrotehnic\u0103 \u0219i radioamatorism, \u0219i el a fost unul dintre oamenii care nu neap\u0103rat s-a \u00eempotrivit, dar a ignorat aceast\u0103 inven\u021bie g\u00e2ndind c\u0103 nu-i folose\u0219te la nimic un alfabet al culorilor, pentru c\u0103, zicea el, oricum nu le vede. Doar c\u0103 el avea tot felul de proiecte la care dorea s\u0103 lucreze \u0219i avea, culmea, probleme exact la partea de culori \u00een ce prive\u0219te circuitele electrice, cablurile, piesele necesare proiectelor d\u00e2nsului etc. \u00cen cele din urm\u0103, ne-a contactat \u00een dorin\u021ba de a afla c\u00e2t mai multe despre acest alfabet, \u0219i l-a adoptat \u00een secunda urm\u0103toare.<\/p>\n\n\n\n<figure class=\"wp-block-image aligncenter size-large\"><img decoding=\"async\" width=\"768\" height=\"1024\" src=\"https:\/\/scripor.com\/wp-content\/uploads\/2022\/07\/tablou-orbi-2-768x1024.jpg\" alt=\"\" class=\"wp-image-1119\" srcset=\"https:\/\/scripor.com\/wp-content\/uploads\/2022\/07\/tablou-orbi-2-768x1024.jpg 768w, https:\/\/scripor.com\/wp-content\/uploads\/2022\/07\/tablou-orbi-2-225x300.jpg 225w, https:\/\/scripor.com\/wp-content\/uploads\/2022\/07\/tablou-orbi-2-1152x1536.jpg 1152w, https:\/\/scripor.com\/wp-content\/uploads\/2022\/07\/tablou-orbi-2.jpg 1440w\" sizes=\"(max-width: 768px) 100vw, 768px\" \/><\/figure>\n\n\n\n<p>Apoi, \u00een aceast\u0103 prim\u0103var\u0103 am f\u0103cut cadou unei familii etichete pentru ou\u0103le de Pa\u0219te. M-au sunat apoi, foarte emo\u021biona\u021bi, dup\u0103 s\u0103rb\u0103tori, ni\u0219te oameni, deci, care n-au v\u0103zut niciodat\u0103 culorile, s\u0103-mi mul\u021bumeasc\u0103 pentru c\u0103, pentru prima dat\u0103 \u00een via\u021ba lor, au avut ni\u0219te s\u0103rb\u0103tori minunate, pentru c\u0103 au \u0219tiut mereu ce culoare are fiecare ou \u00een parte.<\/p>\n\n\n\n<p>Acest alfabet aduce cu el tot felul de premiere mondiale \u00een privin\u021ba utilit\u0103\u021bii lui. Oamenii vin c\u0103tre noi cu tot felul de solu\u021bii, acolo unde ei identific\u0103 c\u0103 acest alfabet este util.<\/p>\n\n\n\n<p><strong>Sanda Oltean<\/strong>: Aici vreu s\u0103 v\u0103 spun o alt\u0103 premier\u0103, avem persoane nev\u0103z\u0103toare care au reu\u0219it s\u0103 rezolve cubul Rubik! Pot s\u0103 rezolve \u0219i s\u0103 joace aproape toate jocurile copil\u0103riei noastre. Apoi, am f\u0103cut o expozi\u021bie unde li s-a explicat alfabetul tactil, li s-a dat un tablou ca model, \u0219i au reu\u0219it s\u0103 fac\u0103 o reproducere a acestuia f\u0103r\u0103 s\u0103-l vad\u0103 efectiv, doar ca percep\u021bie tactil\u0103. Tablourile sunt aproape unu la unu, este fabulos! Dar am ajuns \u0219i la partea de accesibilizare \u00een arhitectur\u0103. E ceva similar h\u0103r\u021bilor de la metrou, \u0219tim to\u021bi cum arat\u0103. A\u0219a am realizat harta Centrului Cultural de la Marghita.Practic eu, \u00een baza unei h\u0103r\u021bi tactile aflat\u0103 la intrare, \u00een care sunt reproduse circuitele, unde e foaierul, unde e baia sau garderoba, ei pot s\u0103 perceap\u0103 spa\u021biul \u0219i s\u0103 se descurce singuri \u00een \u00eentreaga \u00eenc\u0103pere.<\/p>\n\n\n\n<p>La fel, cu Prim\u0103ria Cluj-Napoca am f\u0103cut, \u00een baza unui protocol, un circuit tactic de jos de la poart\u0103, astfel \u00eenc\u00e2t din locul de unde se dau acele bilete de ordine persoanele nev\u0103z\u0103toare s\u0103 fie capabile s\u0103 mearg\u0103 singure, f\u0103r\u0103 niciun ajutor extern, exact la ghi\u0219eul unde au de rezolvat o problem\u0103. Avem discu\u021bii cu domnul \u0218erban \u021aig\u0103na\u0219, decanul Facult\u0103\u021bii de Arhitectur\u0103, pentru un suport de curs \u00een ce prive\u0219te voluntariatul, s\u0103 implic\u0103m \u00een partea de accesibilizare \u0219i pe studen\u021bii care nu au probleme cu vederea, s\u0103 organiz\u0103m workshop-uri comune. Ne-ar ajuta \u0219i pe noi cei care putem vedea s\u0103 percem altfel spa\u021biile 3D, de exemplu, spa\u021bii pe care cei nev\u0103z\u0103tori le v\u0103d cu totul altfel dec\u00e2t noi. Vorbim de schema unui spital, a unei biserici sau a unei institu\u021bii publice, sau a unui teatru. Toate acesteau au ni\u0219te spa\u021bii predefinite \u0219i cu ajutorul lor po\u021bi realiza foarte u\u0219or un ghidaj 3D.<\/p>\n\n\n\n<p>M\u0103 g\u00e2ndesc c\u0103 acest proiect se poate extinde \u0219i pe strad\u0103, s\u0103 zic a\u0219a. Adic\u0103 atingi un panou de pe o cl\u0103dire \u0219i cei f\u0103r\u0103 vedere pot s\u0103-\u0219i fac\u0103 o idee asupra arhitecturii acesteia, inclusiv a culorilor ei\u2026<\/p>\n\n\n\n<p><strong>Tudor Paul Scripor:<\/strong>&nbsp;Avem \u00een Cluj cele cinci trasee turistice: renascentist, gotic, baroc \u0219i a\u0219a mai departe. Am propus ca pe aceea\u0219i hart\u0103 tactil\u0103 s\u0103 fie reprezentate toate aceste cinci trasee, pentru c\u0103 centrul ora\u0219ului este acela\u0219i, dar pe culori diferite, \u00een func\u021bie de fiecare traseu turistic \u00een parte. \u0218i ce este foarte important, pentru c\u0103 vorbeam la \u00eenceput despre universalitatea acestui alfabet, este c\u0103 \u0219i un turist nev\u0103z\u0103tor german, \u0219i unul maghiar, care viziteaz\u0103 centrul Clujului poate s\u0103 identifice acum foarte usor obiectivele de interes, \u0219i, e de la sine \u00een\u021beles, c\u0103 acest lucru poate ajuta \u00een orientare \u0219i persoana care vede normal.<\/p>\n\n\n\n<p>Acest alfabet tactil al culorilor se \u00eenva\u021b\u0103, \u0219i asta a dus la oportunitatea acordat\u0103 copiilor nev\u0103z\u0103tori care acum pot s\u0103 \u00eenve\u021be culorile \u00eenaintea cifrelor \u0219i a literelor, exact cum fac copii cu vedere normal\u0103. \u00cenainte, copii nev\u0103z\u0103tori ajungeau \u00een clasa zero sau \u00een clasa \u00eent\u00e2i \u0219i se apucau s\u0103 \u00eenve\u021be alfabetul Braille. Acum, \u00eens\u0103, am ajuns \u00een situa\u021bia c\u0103 alfabetul culorilor preg\u0103te\u0219te copilul pentru alfabetul Braille, \u0219i acesta este un lucru extrem de important.<\/p>\n\n\n\n<p>Avem deja, \u00een acest sens, un protocol semnat cu ministerul Educa\u021biei \u00eenc\u0103 din 2020, din luna februarie. \u00cen urm\u0103toarea lun\u0103 noi trebuia s\u0103 implement\u0103m acest proiect \u00een prima \u0219coal\u0103 de nev\u0103z\u0103tori din Rom\u00e2nia, dar pandemia ne-a blocat. \u00cen consecin\u021b\u0103, eu i-am \u00eenv\u0103\u021bat acest alfabet pe foarte mul\u021bi nev\u0103z\u0103tori din \u00eentreaga lume, \u00een sistemul online. Mi-am dat seama, apoi, de oportunitatea grozav\u0103 pe care aceast\u0103 pandemie ne-a oferit-o, anume s\u0103 scal\u0103m la nivel interna\u021bional acest alfabet prin crearea unei platforme educa\u021bionale globale. Copii din Asocia\u021bie ne \u00eentreab\u0103 cum arat\u0103 animalele, cum arat\u0103 florile, cum arat\u0103 alimentele. \u00cen plus, suntem pe cale s\u0103 punem la punct o colaborare cu o celebr\u0103 companie care produce b\u0103uturi r\u0103coritoare pentru a aplica pe eticheta acesteia codul care s\u0103 ajute la identificarea rapid\u0103 a exact acelei b\u0103uturi. Am \u0219i f\u0103cut deja un experiment \u00een acest sens, am etichetat sortimentele b\u0103uturii, toate cu alte culori, iar b\u0103iatul nev\u0103z\u0103tor s-a dus \u021bintit \u0219i a pus \u00een co\u0219 exact b\u0103utura pe care \u0219i-o dorea. Experimentul a continuat acas\u0103 la el, a pus b\u0103uturile \u00een frigider, \u0219i, pentru prima dat\u0103, a putut s\u0103-i \u00eentrebe pe cei din jurul s\u0103u ce doresc s\u0103 bea! \u0218tefan, pentru c\u0103 a\u0219a \u00eel cheam\u0103, a fost deosebit de fericit, a \u00eenceput s\u0103 pl\u00e2ng\u0103 de bucurie \u00een momentul urm\u0103tor, uimit c\u0103 poate s\u0103 rezolve un lucru at\u00e2t de banal pentru noi to\u021bi ceilal\u021bi!<\/p>\n\n\n\n<p>Apoi, suntem \u00een discu\u021bii pentru realizarea unor meniuri de restaurant accesibilizate cu ajutorul acestui alfabet. Nev\u0103z\u0103torii nu \u0219tiu cum arat\u0103 o pr\u0103jitur\u0103, de exemplu, sau o ciocolat\u0103. Cu acest alfabet am rezolvat \u0219i aceast\u0103 problem\u0103, practic. E un proiect care poate fi extins unde vre\u021bi dumneavoastr\u0103, la haine, \u00een recunoa\u0219terea medicamentelor, la alegerea culorilor cu care s\u0103-\u021bi zugr\u0103ve\u0219ti casa, la eliberarea banilor la bancomate. M-a contactat, de exemplu, un celebru buc\u0103tar indian, orb desigur, care mi-a m\u0103rturisit c\u0103 datorit\u0103 acestui alfabet el poate s\u0103-\u0219i codifice eficient condimentele. Este, deci, uluitor \u00een c\u00e2te domenii po\u021bi aplica acest alfabet.<\/p>\n\n\n\n<figure class=\"wp-block-image aligncenter size-full\"><img decoding=\"async\" width=\"1000\" height=\"1001\" src=\"https:\/\/scripor.com\/wp-content\/uploads\/2022\/07\/alfabetul-tactil.jpg\" alt=\"\" class=\"wp-image-1121\" srcset=\"https:\/\/scripor.com\/wp-content\/uploads\/2022\/07\/alfabetul-tactil.jpg 1000w, https:\/\/scripor.com\/wp-content\/uploads\/2022\/07\/alfabetul-tactil-300x300.jpg 300w, https:\/\/scripor.com\/wp-content\/uploads\/2022\/07\/alfabetul-tactil-150x150.jpg 150w, https:\/\/scripor.com\/wp-content\/uploads\/2022\/07\/alfabetul-tactil-768x769.jpg 768w\" sizes=\"(max-width: 1000px) 100vw, 1000px\" \/><\/figure>\n\n\n\n<p>Alfabetul acesta aduce oamenii \u00eempreun\u0103 la aceea\u0219i mas\u0103, une\u0219te, practic, comunit\u0103\u021bi \u00eentregi, asta este pentru noi fascinant. Implementarea alfabetului a ajuns la nivel interna\u021bional, deci. Avem parteneriate \u00een 23 de \u021b\u0103ri, \u00een afar\u0103 de \u021b\u0103rile din comunitatea european\u0103, cu Statele Unite, Canada, Australia etc. Inven\u021bia este relativ nou\u0103 pentru acum lumea con\u0219tientizeaz\u0103 \u0219i observ\u0103 domeniul uria\u0219 de aplicabilitate al acestui alfabet. Interesant este c\u0103 utilitatea acestui alfabet este mai cunoscut\u0103 \u00een afara \u021b\u0103rii. Chiar glumeam cu colegii mei c\u0103 dac\u0103 ne-am fi n\u0103scut \u00een alt\u0103 \u021bar\u0103, \u00een America de exemplu, acest alfabet era deja utilizat pe scar\u0103 extrem de larg\u0103 la nivel global, \u0219i poate c\u0103 eram \u0219i milionari deja.<\/p>\n\n\n\n<p><strong>Cum v\u0103 proteja\u021bi inven\u021bia?<\/strong><\/p>\n\n\n\n<p><strong>Tudor Paul Scripor:<\/strong>&nbsp;Foarte simplu \u0219i eficient: prin brevet, m\u0103rci \u00eenregistrate.<\/p>\n\n\n\n<p><strong>C\u00e2te persoane sunt implicate \u00een acest proiect?<\/strong><\/p>\n\n\n\n<p><strong>Tudor Paul Scripor:<\/strong>&nbsp;Este un nucleu de maxim c\u00e2teva zeci de persoane, dar ca \u0219i membrii voluntari din alte \u021b\u0103ri vorbim de c\u00e2teva sute de persoane, dac\u0103 nu de mii de persoane nev\u0103z\u0103toare sau nu, din toate domeniile de activitate, toate dormice s\u0103 ajute la implementarea acestui proiect.<\/p>\n\n\n\n<p><strong>Ce urmeaz\u0103 acum? Care e urm\u0103torul pas pe care \u00eel ave\u021bi \u00een vedere?<\/strong><\/p>\n\n\n\n<p><strong>Tudor Paul Scripor:<\/strong>&nbsp;Urm\u0103torul pas este s\u0103 str\u00e2ngem \u00een jurul nostru companii, care s\u0103 fie pionieri \u00een accesibilizarea \u0219i introducerea acestui alfabet acolo unde este nevoie.<\/p>\n\n\n\n<h3 class=\"wp-block-heading\">Recunoa\u0219teri \u0219i confirm\u0103ri ale alfabetului Scripor:<\/h3>\n\n\n\n<p>\u2022 Tudor Paul Scripor \u2013 Global Outstanding Leadership Award, Education 2.0 Conference, Dubai \u2022 Martie 2022.<br>\u2022 Asocia\u021bia Alfabetul Scripor, Organiza\u021bia Anului, WORLD IDOL 2021, Chance For The Blind Foundation, Polonia \u2022 Septembrie 2021.<br>\u2022 Product of the Year 2021, Scripor Alphabet&nbsp;\u2013 Manualul pentru \u00eenv\u0103\u021barea alfabetlui tactil al culorilor, Chance For The Blind Foundation, Polonia \u2022 Septembrie 2021.<br>\u2022 Gold Medal and Special Award, Hungarian Inventors Association, \u00d6TLET CLUB 13 Egyes\u00fclet, Ungaria \u2022 Iunie 2019<br>\u2022 Medalia de Aur \u0219i Premiul Special, Societatea Inventatorilor din Banat \u2022 Iunie 2019.<br>\u2022 Marele Premiu oferit de Asocia\u021bia Inventatorilor din Germania, 2019, Scripor Alphabet SRL, Salonul Interna\u021bional de Inven\u021bii \u0219i Inova\u021bii de la Geneva, \u2022 Aprilie 2019.<br>\u2022 GOLD Medal, Scripor Alphabet SRL, Salonul Interna\u021bional de Inven\u021bii \u0219i Inova\u021bii de la Geneva, \u2022 Aprilie 2019.<\/p>\n\n\n\n<h3 class=\"wp-block-heading\">Florian Iona\u0219cu, student nev\u0103z\u0103tor: \u201dA cunoa\u0219te \u0219i interpreta culorile pare ceva de domeniul SF\u201d<\/h3>\n\n\n\n<blockquote class=\"wp-block-quote is-layout-flow wp-block-quote-is-layout-flow\"><p>\u201cAm tot auzit de acest alfabet al culorilor, \u00eens\u0103 nu am fost convins de eficacitatea lui p\u00e2n\u0103 de cur\u00e2nd. Mi-a\u0219 dori s\u0103-l \u00eenv\u0103\u021b. Aceast\u0103 inven\u021bie este \u00eenc\u0103 un pas mare spre accesibilitate \u0219i incluziune \u00een opinia mea, pentru c\u0103 asta \u00eenseamn\u0103 mai multe informa\u021bii despre ceea ce ne \u00eenconjoar\u0103, dar \u0219i dispari\u021bia acestei bariere trainice a culorilor, fapt care va duce, consider eu, la o integrare \u00een societate mult mai bine realizat\u0103 dec\u00e2t cea de acum. Faptul c\u0103 a disp\u0103rut bariera, m\u0103 face s\u0103 m\u0103 g\u00e2ndesc la c\u0103derea zidului Berlinului \u0219i la Spa\u021biul Schengen, pentru c\u0103 aceast\u0103 inven\u021bie face ca grani\u021bele dintre lumea noastr\u0103 \u0219i cea a v\u0103z\u0103torilor s\u0103 fie din ce \u00een ce mai pu\u021bine \u0219i mai u\u0219or de str\u0103b\u0103tut. A cunoa\u0219te \u0219i interpreta culorile, nev\u0103z\u0103tor fiind, pare a fi ceva ce \u021bine de science fiction, \u00cens\u0103 realitatea e cu totul alta. A demonstrat-o Tudor Scripor, acest Louis Braille al rom\u00e2nilor, al c\u0103rui efort merit\u0103 s\u0103 fie apreciat de toat\u0103 lumea.\u201d<\/p><\/blockquote>\n\n\n\n<p><strong>Sandu Mure\u0219an<\/strong><\/p>\n","protected":false},"featured_media":1115,"template":"","class_list":["post-1114","inmedia","type-inmedia","status-publish","has-post-thumbnail","hentry"],"yoast_head":"<!-- This site is optimized with the Yoast SEO plugin v27.5 - https:\/\/yoast.com\/product\/yoast-seo-wordpress\/ -->\n<title>Inven\u021bia unui clujean a cucerit o lume \u00eentreag\u0103 - Scripor<\/title>\n<meta name=\"robots\" content=\"index, follow, max-snippet:-1, max-image-preview:large, max-video-preview:-1\" \/>\n<link rel=\"canonical\" href=\"https:\/\/scripor.com\/ro\/inmedia\/inventia-unui-clujean-a-cucerit-o-lume-intreaga\/\" \/>\n<meta property=\"og:locale\" content=\"ro_RO\" \/>\n<meta property=\"og:type\" content=\"article\" \/>\n<meta property=\"og:title\" content=\"Inven\u021bia unui clujean a cucerit o lume \u00eentreag\u0103 - Scripor\" \/>\n<meta property=\"og:description\" content=\"Alfabetul tactil al culorilor, extensia alfabetului Braille care elimin\u0103 barierele cromatice dintre nev\u0103z\u0103tori \u0219i lumea normal\u0103 Unul dintre primele lucruri pe care copilul le \u00eenva\u021b\u0103 despre lumea exterioar\u0103 este cel legat de conceptul de culoare. Este un concept accesibil \u00eenc\u0103 de la v\u00e2rste fragede \u0219i un prim mod de structurare a mediului apropiat. Culoarea a [&hellip;]\" \/>\n<meta property=\"og:url\" content=\"https:\/\/scripor.com\/ro\/inmedia\/inventia-unui-clujean-a-cucerit-o-lume-intreaga\/\" \/>\n<meta property=\"og:site_name\" content=\"Scripor\" \/>\n<meta property=\"article:publisher\" content=\"https:\/\/www.facebook.com\/ScriporAlphabet\" \/>\n<meta property=\"article:modified_time\" content=\"2022-07-25T06:32:47+00:00\" \/>\n<meta property=\"og:image\" content=\"https:\/\/scripor.com\/wp-content\/uploads\/2022\/07\/premiu-geneva-880x528-1.jpg\" \/>\n\t<meta property=\"og:image:width\" content=\"880\" \/>\n\t<meta property=\"og:image:height\" content=\"528\" \/>\n\t<meta property=\"og:image:type\" content=\"image\/jpeg\" \/>\n<meta name=\"twitter:card\" content=\"summary_large_image\" \/>\n<meta name=\"twitter:label1\" content=\"Timp estimat pentru citire\" \/>\n\t<meta name=\"twitter:data1\" content=\"14 minute\" \/>\n<script type=\"application\/ld+json\" class=\"yoast-schema-graph\">{\"@context\":\"https:\\\/\\\/schema.org\",\"@graph\":[{\"@type\":\"WebPage\",\"@id\":\"https:\\\/\\\/scripor.com\\\/ro\\\/inmedia\\\/inventia-unui-clujean-a-cucerit-o-lume-intreaga\\\/\",\"url\":\"https:\\\/\\\/scripor.com\\\/ro\\\/inmedia\\\/inventia-unui-clujean-a-cucerit-o-lume-intreaga\\\/\",\"name\":\"Inven\u021bia unui clujean a cucerit o lume \u00eentreag\u0103 - Scripor\",\"isPartOf\":{\"@id\":\"https:\\\/\\\/scripor.com\\\/ro\\\/#website\"},\"primaryImageOfPage\":{\"@id\":\"https:\\\/\\\/scripor.com\\\/ro\\\/inmedia\\\/inventia-unui-clujean-a-cucerit-o-lume-intreaga\\\/#primaryimage\"},\"image\":{\"@id\":\"https:\\\/\\\/scripor.com\\\/ro\\\/inmedia\\\/inventia-unui-clujean-a-cucerit-o-lume-intreaga\\\/#primaryimage\"},\"thumbnailUrl\":\"https:\\\/\\\/scripor.com\\\/wp-content\\\/uploads\\\/2022\\\/07\\\/premiu-geneva-880x528-1.jpg\",\"datePublished\":\"2022-07-24T06:29:00+00:00\",\"dateModified\":\"2022-07-25T06:32:47+00:00\",\"breadcrumb\":{\"@id\":\"https:\\\/\\\/scripor.com\\\/ro\\\/inmedia\\\/inventia-unui-clujean-a-cucerit-o-lume-intreaga\\\/#breadcrumb\"},\"inLanguage\":\"ro-RO\",\"potentialAction\":[{\"@type\":\"ReadAction\",\"target\":[\"https:\\\/\\\/scripor.com\\\/ro\\\/inmedia\\\/inventia-unui-clujean-a-cucerit-o-lume-intreaga\\\/\"]}]},{\"@type\":\"ImageObject\",\"inLanguage\":\"ro-RO\",\"@id\":\"https:\\\/\\\/scripor.com\\\/ro\\\/inmedia\\\/inventia-unui-clujean-a-cucerit-o-lume-intreaga\\\/#primaryimage\",\"url\":\"https:\\\/\\\/scripor.com\\\/wp-content\\\/uploads\\\/2022\\\/07\\\/premiu-geneva-880x528-1.jpg\",\"contentUrl\":\"https:\\\/\\\/scripor.com\\\/wp-content\\\/uploads\\\/2022\\\/07\\\/premiu-geneva-880x528-1.jpg\",\"width\":880,\"height\":528},{\"@type\":\"BreadcrumbList\",\"@id\":\"https:\\\/\\\/scripor.com\\\/ro\\\/inmedia\\\/inventia-unui-clujean-a-cucerit-o-lume-intreaga\\\/#breadcrumb\",\"itemListElement\":[{\"@type\":\"ListItem\",\"position\":1,\"name\":\"Home\",\"item\":\"https:\\\/\\\/scripor.com\\\/ro\\\/\"},{\"@type\":\"ListItem\",\"position\":2,\"name\":\"Media\",\"item\":\"https:\\\/\\\/scripor.com\\\/ro\\\/inmedia\\\/\"},{\"@type\":\"ListItem\",\"position\":3,\"name\":\"Inven\u021bia unui clujean a cucerit o lume \u00eentreag\u0103\"}]},{\"@type\":\"WebSite\",\"@id\":\"https:\\\/\\\/scripor.com\\\/ro\\\/#website\",\"url\":\"https:\\\/\\\/scripor.com\\\/ro\\\/\",\"name\":\"Scripor\",\"description\":\"Colors for everyone\",\"publisher\":{\"@id\":\"https:\\\/\\\/scripor.com\\\/ro\\\/#organization\"},\"potentialAction\":[{\"@type\":\"SearchAction\",\"target\":{\"@type\":\"EntryPoint\",\"urlTemplate\":\"https:\\\/\\\/scripor.com\\\/ro\\\/?s={search_term_string}\"},\"query-input\":{\"@type\":\"PropertyValueSpecification\",\"valueRequired\":true,\"valueName\":\"search_term_string\"}}],\"inLanguage\":\"ro-RO\"},{\"@type\":\"Organization\",\"@id\":\"https:\\\/\\\/scripor.com\\\/ro\\\/#organization\",\"name\":\"Scripor\",\"url\":\"https:\\\/\\\/scripor.com\\\/ro\\\/\",\"logo\":{\"@type\":\"ImageObject\",\"inLanguage\":\"ro-RO\",\"@id\":\"https:\\\/\\\/scripor.com\\\/ro\\\/#\\\/schema\\\/logo\\\/image\\\/\",\"url\":\"https:\\\/\\\/scripor.com\\\/wp-content\\\/uploads\\\/2022\\\/03\\\/scripor.png\",\"contentUrl\":\"https:\\\/\\\/scripor.com\\\/wp-content\\\/uploads\\\/2022\\\/03\\\/scripor.png\",\"width\":1992,\"height\":2836,\"caption\":\"Scripor\"},\"image\":{\"@id\":\"https:\\\/\\\/scripor.com\\\/ro\\\/#\\\/schema\\\/logo\\\/image\\\/\"},\"sameAs\":[\"https:\\\/\\\/www.facebook.com\\\/ScriporAlphabet\"]}]}<\/script>\n<!-- \/ Yoast SEO plugin. -->","yoast_head_json":{"title":"Inven\u021bia unui clujean a cucerit o lume \u00eentreag\u0103 - Scripor","robots":{"index":"index","follow":"follow","max-snippet":"max-snippet:-1","max-image-preview":"max-image-preview:large","max-video-preview":"max-video-preview:-1"},"canonical":"https:\/\/scripor.com\/ro\/inmedia\/inventia-unui-clujean-a-cucerit-o-lume-intreaga\/","og_locale":"ro_RO","og_type":"article","og_title":"Inven\u021bia unui clujean a cucerit o lume \u00eentreag\u0103 - Scripor","og_description":"Alfabetul tactil al culorilor, extensia alfabetului Braille care elimin\u0103 barierele cromatice dintre nev\u0103z\u0103tori \u0219i lumea normal\u0103 Unul dintre primele lucruri pe care copilul le \u00eenva\u021b\u0103 despre lumea exterioar\u0103 este cel legat de conceptul de culoare. Este un concept accesibil \u00eenc\u0103 de la v\u00e2rste fragede \u0219i un prim mod de structurare a mediului apropiat. Culoarea a [&hellip;]","og_url":"https:\/\/scripor.com\/ro\/inmedia\/inventia-unui-clujean-a-cucerit-o-lume-intreaga\/","og_site_name":"Scripor","article_publisher":"https:\/\/www.facebook.com\/ScriporAlphabet","article_modified_time":"2022-07-25T06:32:47+00:00","og_image":[{"width":880,"height":528,"url":"https:\/\/scripor.com\/wp-content\/uploads\/2022\/07\/premiu-geneva-880x528-1.jpg","type":"image\/jpeg"}],"twitter_card":"summary_large_image","twitter_misc":{"Timp estimat pentru citire":"14 minute"},"schema":{"@context":"https:\/\/schema.org","@graph":[{"@type":"WebPage","@id":"https:\/\/scripor.com\/ro\/inmedia\/inventia-unui-clujean-a-cucerit-o-lume-intreaga\/","url":"https:\/\/scripor.com\/ro\/inmedia\/inventia-unui-clujean-a-cucerit-o-lume-intreaga\/","name":"Inven\u021bia unui clujean a cucerit o lume \u00eentreag\u0103 - Scripor","isPartOf":{"@id":"https:\/\/scripor.com\/ro\/#website"},"primaryImageOfPage":{"@id":"https:\/\/scripor.com\/ro\/inmedia\/inventia-unui-clujean-a-cucerit-o-lume-intreaga\/#primaryimage"},"image":{"@id":"https:\/\/scripor.com\/ro\/inmedia\/inventia-unui-clujean-a-cucerit-o-lume-intreaga\/#primaryimage"},"thumbnailUrl":"https:\/\/scripor.com\/wp-content\/uploads\/2022\/07\/premiu-geneva-880x528-1.jpg","datePublished":"2022-07-24T06:29:00+00:00","dateModified":"2022-07-25T06:32:47+00:00","breadcrumb":{"@id":"https:\/\/scripor.com\/ro\/inmedia\/inventia-unui-clujean-a-cucerit-o-lume-intreaga\/#breadcrumb"},"inLanguage":"ro-RO","potentialAction":[{"@type":"ReadAction","target":["https:\/\/scripor.com\/ro\/inmedia\/inventia-unui-clujean-a-cucerit-o-lume-intreaga\/"]}]},{"@type":"ImageObject","inLanguage":"ro-RO","@id":"https:\/\/scripor.com\/ro\/inmedia\/inventia-unui-clujean-a-cucerit-o-lume-intreaga\/#primaryimage","url":"https:\/\/scripor.com\/wp-content\/uploads\/2022\/07\/premiu-geneva-880x528-1.jpg","contentUrl":"https:\/\/scripor.com\/wp-content\/uploads\/2022\/07\/premiu-geneva-880x528-1.jpg","width":880,"height":528},{"@type":"BreadcrumbList","@id":"https:\/\/scripor.com\/ro\/inmedia\/inventia-unui-clujean-a-cucerit-o-lume-intreaga\/#breadcrumb","itemListElement":[{"@type":"ListItem","position":1,"name":"Home","item":"https:\/\/scripor.com\/ro\/"},{"@type":"ListItem","position":2,"name":"Media","item":"https:\/\/scripor.com\/ro\/inmedia\/"},{"@type":"ListItem","position":3,"name":"Inven\u021bia unui clujean a cucerit o lume \u00eentreag\u0103"}]},{"@type":"WebSite","@id":"https:\/\/scripor.com\/ro\/#website","url":"https:\/\/scripor.com\/ro\/","name":"Scripor","description":"Colors for everyone","publisher":{"@id":"https:\/\/scripor.com\/ro\/#organization"},"potentialAction":[{"@type":"SearchAction","target":{"@type":"EntryPoint","urlTemplate":"https:\/\/scripor.com\/ro\/?s={search_term_string}"},"query-input":{"@type":"PropertyValueSpecification","valueRequired":true,"valueName":"search_term_string"}}],"inLanguage":"ro-RO"},{"@type":"Organization","@id":"https:\/\/scripor.com\/ro\/#organization","name":"Scripor","url":"https:\/\/scripor.com\/ro\/","logo":{"@type":"ImageObject","inLanguage":"ro-RO","@id":"https:\/\/scripor.com\/ro\/#\/schema\/logo\/image\/","url":"https:\/\/scripor.com\/wp-content\/uploads\/2022\/03\/scripor.png","contentUrl":"https:\/\/scripor.com\/wp-content\/uploads\/2022\/03\/scripor.png","width":1992,"height":2836,"caption":"Scripor"},"image":{"@id":"https:\/\/scripor.com\/ro\/#\/schema\/logo\/image\/"},"sameAs":["https:\/\/www.facebook.com\/ScriporAlphabet"]}]}},"_links":{"self":[{"href":"https:\/\/scripor.com\/ro\/wp-json\/wp\/v2\/inmedia\/1114","targetHints":{"allow":["GET"]}}],"collection":[{"href":"https:\/\/scripor.com\/ro\/wp-json\/wp\/v2\/inmedia"}],"about":[{"href":"https:\/\/scripor.com\/ro\/wp-json\/wp\/v2\/types\/inmedia"}],"wp:featuredmedia":[{"embeddable":true,"href":"https:\/\/scripor.com\/ro\/wp-json\/wp\/v2\/media\/1115"}],"wp:attachment":[{"href":"https:\/\/scripor.com\/ro\/wp-json\/wp\/v2\/media?parent=1114"}],"curies":[{"name":"wp","href":"https:\/\/api.w.org\/{rel}","templated":true}]}}